{"id":4811,"date":"2025-09-28T09:54:47","date_gmt":"2025-09-28T08:54:47","guid":{"rendered":"https:\/\/medicaltravel.at\/hasta-hikayeleri\/2011-yili-hasta-raporlari\/istanbuldaki-dis-tedavim-cumartesi-06-agustos-2011-tarihli-rapor\/"},"modified":"2026-01-13T15:49:28","modified_gmt":"2026-01-13T14:49:28","slug":"istanbuldaki-dis-tedavim-cumartesi-06-agustos-2011-tarihli-rapor","status":"publish","type":"page","link":"https:\/\/medicaltravel.at\/tr\/hasta-hikayeleri\/2011-yili-hasta-raporlari\/istanbuldaki-dis-tedavim-cumartesi-06-agustos-2011-tarihli-rapor\/","title":{"rendered":"\u0130stanbul\u2019daki Di\u015f Tedavim \u2013 Cumartesi, 06 A\u011fustos 2011 Tarihli Rapor"},"content":{"rendered":"\n<p><strong>\u0130stanbul\u2019daki Di\u015f Tedavim <\/strong>\u2013 Cumartesi, 06 A\u011fustos 2011 Tarihli Rapor<\/p>\n\n<p>Ba\u015flang\u0131\u00e7 durumu \/ T\u0131bbi ge\u00e7mi\u015f: Di\u015flerim ve di\u015f etimle ilgili her zaman sorunlar\u0131m oldu. Bu y\u00fczden her y\u0131l d\u00fczenli kontrol ve di\u015f temizli\u011fi benim i\u00e7in \u015fartt\u0131. 45. ya\u015f g\u00fcn\u00fcmden sonra ilk kez ilerleyen bir di\u015f eti hastal\u0131\u011f\u0131 (periodontitis) fark edildi. Periodontitiste di\u015f yata\u011f\u0131ndaki kemik kayb\u0131 \u00f6nce ba\u015flar, ba\u011f dokusu ve di\u015f eti bunu takip eder. Di\u015f hekimimin hedefi bu s\u00fcreci m\u00fcmk\u00fcn oldu\u011funca durdurmakt\u0131. Daha sonra alt\u0131 ayl\u0131k periyotlarla di\u015f temizli\u011fi yap\u0131ld\u0131 ve sonunda a\u00e7\u0131k cerrahi ile derin periodontal tedavi (k\u00fcrretaj) uyguland\u0131. Bu i\u015flem s\u0131ras\u0131nda ilgili b\u00f6lgeler cerrahi olarak a\u00e7\u0131ld\u0131 ve baz\u0131 temizlenmi\u015f kemik cepleri kemik dolgu malzemeleri ile dolduruldu. Y\u00fcksek maliyetlere ra\u011fmen bu y\u00f6ntem i\u015fe yaramad\u0131 ve 2009 sonu \/ 2010 ba\u015f\u0131nda alt ve \u00fcst \u00e7enedeki birer kesici di\u015fim sallanmaya ba\u015flad\u0131.<br\/><br\/>En ucuz se\u00e7enek i\u00e7in ald\u0131\u011f\u0131m maliyet teklifi (her \u00e7enede en az 4 di\u015fi kapsayan \u00e7\u0131kar\u0131labilir k\u00f6pr\u00fcler = yakla\u015f\u0131k 12.000 CHF) sorunu \u00e7\u00f6zmedi\u011fi i\u00e7in daha iyi bir \u00e7\u00f6z\u00fcm aramaya ba\u015flad\u0131m. \u00c7e\u015fitli incelemelere g\u00f6re en iyi \u00e7\u00f6z\u00fcm implant ve sabit di\u015f proteziydi; bu benim iste\u011fime de uygundu \u00e7\u00fcnk\u00fc hen\u00fcz tam protez yapt\u0131racak kadar ya\u015fl\u0131 hissetmiyordum. \u0130svi\u00e7re\u2019deki maliyet tahmini yakla\u015f\u0131k 70.000 CHF idi. Tan\u0131d\u0131klar\u0131m\u0131n daha \u00f6nce Macaristan ve Almanya\u2019da makul fiyatla iyi sonu\u00e7lar elde etti\u011fini biliyordum.<br\/><br\/>Bu nedenle \u0130svi\u00e7re\u2019deki teklif sonras\u0131 Macaristan, Almanya ve \u0130stanbul\u2019daki \u00e7e\u015fitli kliniklerden teklif ald\u0131m. Adresleri internetten ara\u015ft\u0131r\u0131p detayl\u0131 bilgi edindim. Sonu\u00e7 olarak Macaristan\u2019da iki, \u0130stanbul\u2019da bir klinik ile ilgilenmeye karar verdim. \u0130stanbul\u2019daki Swisslasik\u2019i tercih ettim \u00e7\u00fcnk\u00fc St. Gallen Tatil Fuar\u0131\u2019nda firman\u0131n stand\u0131n\u0131 g\u00f6r\u00fcp tan\u0131yabilmi\u015ftim ve \u00e7ok iyi ve profesyonel bir izlenim b\u0131rakm\u0131\u015flard\u0131. Ayr\u0131ca referans adresleri de verdiler ve bunlardan biriyle g\u00f6r\u00fc\u015ft\u00fcm. Swisslasik\u2019in u\u00e7ak, otel, transfer gibi t\u00fcm detaylarla ilgilenmesi de ho\u015fuma gitti. Ayr\u0131ca Swisslasik\u2019te g\u00f6z lazerleme deneyimi olan ki\u015fisel tan\u0131d\u0131klar\u0131m\u0131n s\u00fcreci anlatmas\u0131 da g\u00fcven verdi.<br\/><br\/>\u0130stanbul\u2019daki ilk ziyaret (5 g\u00fcn) ve \u00fc\u00e7 seans:<br\/><br\/>29 Mart 2011\u2019de e\u015fimle \u0130stanbul\u2019a u\u00e7tuk, havaalan\u0131nda bizi bir \u015fof\u00f6r kar\u015f\u0131lad\u0131 ve do\u011frudan di\u015f klini\u011fine g\u00f6t\u00fcrd\u00fc.<br\/><br\/>Sal\u0131 ak\u015fam\u0131: \u00d6n muayene, r\u00f6ntgen, en iyi tedavi y\u00f6ntemi hakk\u0131nda g\u00f6r\u00fc\u015fme<br\/>Per\u015fembe ak\u015fam\u0131: 28 di\u015fin \u00e7ekimi ve ge\u00e7ici protez uygulamas\u0131<br\/>Cumartesi \u00f6\u011fleden sonra: Kontrol ve protez d\u00fczeltmeleri, ard\u0131ndan eve d\u00f6n\u00fc\u015f<br\/><br\/>Dr. Bilhan m\u00fckemmel Almancas\u0131yla bizi samimi kar\u015f\u0131lad\u0131 ve t\u00fcm i\u015flem \u00f6ncesi korkular\u0131m\u0131 ald\u0131. Lokal anestezi \u00e7ok iyiydi, ger\u00e7ekten hi\u00e7 a\u011fr\u0131 hissetmedim ve sonras\u0131nda verilen a\u011fr\u0131 kesiciler sayesinde ilk \u0130stanbul ziyaretimi sorunsuz tamamlad\u0131m. Sadece eve d\u00f6n\u00fc\u015f \u00f6ncesi protez d\u00fczeltmesinde, Dr. Bilhan\u2019\u0131n m\u00fcsait olmamas\u0131 nedeniyle \u0130ngilizce ileti\u015fim biraz zordu.                        Yine de Bayan Selda Arat da \u00e7ok anlay\u0131\u015fl\u0131 ve harika bir i\u015f \u00e7\u0131kard\u0131 (bu arada art\u0131k Almanca kursuna gidiyor). \u0130svi\u00e7re\u2019de Z\u00fcrih\u2019teki zmp61\u2019deki kontrol muayenesini de yapt\u0131rd\u0131m. Bu f\u0131rsat\u0131 de\u011ferlendirdim \u00e7\u00fcnk\u00fc \u0130stanbul\u2019dan bir hafta sonra ABD\u2019ye tatil i\u00e7in gidiyorduk. Her \u015fey tekrar kontrol edildi ve kalan diki\u015fler al\u0131nd\u0131. \u015ei\u015flik yava\u015f yava\u015f azald\u0131\u011f\u0131 i\u00e7in protez biraz oynad\u0131, bu y\u00fczden bana orada ayr\u0131ca yumu\u015fak bir astar yap\u0131ld\u0131 ve bu ger\u00e7ekten \u00e7ok i\u015fe yarad\u0131. Neredeyse her \u015feyi yiyebiliyordum \u2013 hatta bir biftek bile. Eve d\u00f6nd\u00fc\u011f\u00fcmde Z\u00fcrih\u2019te tekrar kontrol muayenesine gittim ve her \u015feyin iyi iyile\u015fti\u011fini teyit ettiler. Ayr\u0131ca derinlerde herhangi bir iltihap olmad\u0131\u011f\u0131ndan emin olmak i\u00e7in bir r\u00f6ntgen \u00e7ekildi. \u015e\u00fck\u00fcr ki her \u015fey yolundayd\u0131. Yani Z\u00fcrih\u2019te de \u00e7ok yetkin bir tedavi ve bilgilendirme\/al\u0131nan dan\u0131\u015fmanl\u0131k vard\u0131.<br\/><br\/>\u0130stanbul\u2019daki ikinci ziyaretim Temmuz ay\u0131nda, 7 g\u00fcn ve \u00fc\u00e7 seans: Bu kez ablamla gittim. Yine havaalan\u0131nda<br\/>kar\u015f\u0131land\u0131k ve do\u011frudan klini\u011fe g\u00f6t\u00fcr\u00fcld\u00fck.<br\/><br\/>Cumartesi ak\u015fam\u0131: \u0130mplantlar\u0131n yerle\u015ftirilmesi, kemik ekimi, antibiyotik<br\/>\u00c7ar\u015famba ak\u015fam\u0131: Kontrol muayenesi ve ge\u00e7ici protezin ayarlanmas\u0131<br\/>Cumartesi sabah\u0131: Diki\u015flerin al\u0131nmas\u0131 ve ge\u00e7ici protezin yerle\u015ftirilmesi<br\/><br\/>Dr. Bilhan \u015fimdi implantlar\u0131 yerle\u015ftirdi. Planlanan say\u0131lar \u00fcst \u00e7enede 6, alt \u00e7enede 6 idi. \u00dcst \u00e7enede acil olarak bir kemik ekimi yapmas\u0131 gerekti\u011fi i\u00e7in i\u015flem biraz uzad\u0131. A\u011fr\u0131ya kar\u015f\u0131 tekrar iyi bir \u015fekilde uyu\u015fturuldum ve alt \u00e7ene i\u00e7in de ekleme yap\u0131ld\u0131. Fiziksel olarak tek seferde biraz fazlayd\u0131 \u2013 neredeyse \u00fc\u00e7 saat tedavi sandalyesindeydim. Dr. Bilhan bana sadece \u00fcst \u00e7eneyi yap\u0131p alt \u00e7ene i\u00e7in tekrar gelmeyi teklif etti, ama ben bunu istemedim \u2013 tek seferde halletmeyi tercih ettim. Bana ayr\u0131ca antibiyotik ve a\u011fr\u0131 kesici verildi ve b\u00f6ylece geri kalan zaman\u0131 \u0130stanbul\u2019un yaz s\u0131ca\u011f\u0131nda da keyifle ge\u00e7irebildim.<br\/><br\/>Eve d\u00f6n\u00fc\u015f \u00f6ncesi Cumartesi g\u00fcn\u00fc diki\u015fler al\u0131nd\u0131, protez yerle\u015ftirildi ve gerekirse d\u00fczeltildi. Yine de bug\u00fcn en \u00e7ok sevindi\u011fim \u015fey, art\u0131k s\u00fcrekli \u00e7\u0131kar\u0131p takmak zorunda olmad\u0131\u011f\u0131m kendi di\u015flerime kavu\u015fmu\u015f olmam. Umar\u0131m<br\/>                            Havaalan\u0131ndan bizi do\u011frudan di\u015f klini\u011fine g\u00f6t\u00fcrd\u00fcler, ayn\u0131 \u015fekilde di\u015f klini\u011finden otele de. Di\u015f hekimi randevular\u0131m\u0131z i\u00e7in de her seferinde al\u0131p b\u0131rakma hizmeti sorunsuz \u00e7al\u0131\u015ft\u0131. Seanslar aras\u0131nda \u0130stanbul ve \u00e7evresini ke\u015ffetmek i\u00e7in her zaman zaman\u0131m\u0131z oldu. G\u00f6r\u00fclecek \u00e7ok yer var: Sultanahmet Camii (Mavi Camii), Ayasofya, Topkap\u0131 Saray\u0131, Baharat ve di\u011fer \u00e7ar\u015f\u0131lar, ayr\u0131ca Prens Adalar\u0131\u2019na bir gezi de kesinlikle de\u011fer. Son olarak, t\u00fcm ekibe bir kez daha te\u015fekk\u00fcr etmek istiyorum ve \u015firketinizi her zaman tavsiye edece\u011fimi garanti ederim (ve bunu zaten yapt\u0131m). Marlis Koch, Engelburg, 6 A\u011fustos 2011     <\/p>\n\n<div class=\"wp-block-group is-layout-grid wp-container-core-group-is-layout-baef362d wp-block-group-is-layout-grid\">\n<p><a href=\"https:\/\/medicaltravel.at\/home\/agb\/\" data-type=\"page\" data-id=\"2191\"><\/a><a href=\"https:\/\/medicaltravel.at\/tr\/hasta-hikayeleri\/2011-yili-hasta-raporlari\/istanbuldaki-acibadem-hastanesinde-yaptirdigim-liposuction-yag-aldirma-islemi-pazar-07-agustos-2011-tarihli-rapor\/\" data-type=\"link\" data-id=\"https:\/\/medicaltravel.at\/berichte-von-patienten\/patientenberichte-2011\/meine-liposuction-in-istanbul-beim-acibadem-spital-bericht-vom-sonntag-07-august-2011\/\">\u00d6nceki Rapor<\/a><\/p>\n\n\n\n<p class=\"has-text-align-right wp-container-content-5e2576f9\"><a href=\"https:\/\/medicaltravel.at\/home\/impressum\/\" data-type=\"page\" data-id=\"2193\"><\/a><a href=\"https:\/\/medicaltravel.at\/home\/berichte-von-patienten\/erfahrungsberichte\/erfahrungsbericht-zahnbehandlung-in-istanbul\/\" data-type=\"page\" data-id=\"981\"><\/a><a href=\"https:\/\/medicaltravel.at\/tr\/hasta-hikayeleri\/2011-yili-hasta-raporlari\/istanbulda-goez-ameliyati-yasam-kalitesinde-bueyuek-bir-artis-carsamba-03-agustos-2011-tarihli-rapor\/\" data-type=\"link\" data-id=\"https:\/\/medicaltravel.at\/berichte-von-patienten\/patientenberichte-2011\/augenoperation-in-istanbul-eine-massive-steigerung-an-lebensqualitaet-bericht-vom-mittwoch-03-august-2011\/\">Sonraki Rapor<\/a><\/p>\n<\/div>\n","protected":false},"excerpt":{"rendered":"<p>\u0130stanbul\u2019daki Di\u015f Tedavim \u2013 Cumartesi, 06 A\u011fustos 2011 Tarihli Rapor Ba\u015flang\u0131\u00e7 durumu \/ T\u0131bbi ge\u00e7mi\u015f: Di\u015flerim ve di\u015f etimle ilgili her zaman sorunlar\u0131m oldu. Bu y\u00fczden her y\u0131l d\u00fczenli kontrol ve di\u015f temizli\u011fi benim i\u00e7in \u015fartt\u0131. 45. ya\u015f g\u00fcn\u00fcmden sonra ilk kez ilerleyen bir di\u015f eti hastal\u0131\u011f\u0131 (periodontitis) fark edildi. Periodontitiste di\u015f yata\u011f\u0131ndaki kemik kayb\u0131 \u00f6nce ba\u015flar, ba\u011f dokusu ve di\u015f eti bunu takip eder. Di\u015f hekimimin hedefi bu s\u00fcreci m\u00fcmk\u00fcn oldu\u011funca durdurmakt\u0131. Daha sonra alt\u0131 ayl\u0131k periyotlarla di\u015f temizli\u011fi yap\u0131ld\u0131 ve sonunda a\u00e7\u0131k cerrahi ile derin periodontal tedavi (k\u00fcrretaj) uyguland\u0131. Bu i\u015flem s\u0131ras\u0131nda ilgili b\u00f6lgeler cerrahi olarak a\u00e7\u0131ld\u0131 ve baz\u0131 temizlenmi\u015f kemik cepleri kemik dolgu malzemeleri ile dolduruldu. Y\u00fcksek maliyetlere ra\u011fmen bu y\u00f6ntem i\u015fe yaramad\u0131 ve 2009 sonu \/ 2010 ba\u015f\u0131nda alt ve \u00fcst \u00e7enedeki birer kesici di\u015fim sallanmaya ba\u015flad\u0131. En ucuz se\u00e7enek i\u00e7in ald\u0131\u011f\u0131m maliyet teklifi (her \u00e7enede en az 4 di\u015fi kapsayan \u00e7\u0131kar\u0131labilir k\u00f6pr\u00fcler = yakla\u015f\u0131k 12.000 CHF) sorunu \u00e7\u00f6zmedi\u011fi i\u00e7in daha iyi bir \u00e7\u00f6z\u00fcm aramaya ba\u015flad\u0131m. \u00c7e\u015fitli incelemelere g\u00f6re en iyi \u00e7\u00f6z\u00fcm implant ve sabit di\u015f proteziydi; bu benim iste\u011fime de uygundu \u00e7\u00fcnk\u00fc hen\u00fcz tam protez yapt\u0131racak kadar ya\u015fl\u0131 hissetmiyordum. \u0130svi\u00e7re\u2019deki maliyet tahmini yakla\u015f\u0131k 70.000 CHF idi. Tan\u0131d\u0131klar\u0131m\u0131n daha \u00f6nce Macaristan ve Almanya\u2019da makul fiyatla iyi sonu\u00e7lar elde etti\u011fini biliyordum. Bu nedenle \u0130svi\u00e7re\u2019deki teklif sonras\u0131 Macaristan, Almanya ve \u0130stanbul\u2019daki \u00e7e\u015fitli kliniklerden teklif ald\u0131m. Adresleri internetten ara\u015ft\u0131r\u0131p detayl\u0131 bilgi edindim. Sonu\u00e7 olarak Macaristan\u2019da iki, \u0130stanbul\u2019da bir klinik ile ilgilenmeye karar verdim. \u0130stanbul\u2019daki Swisslasik\u2019i tercih ettim \u00e7\u00fcnk\u00fc St. Gallen Tatil Fuar\u0131\u2019nda firman\u0131n stand\u0131n\u0131 g\u00f6r\u00fcp tan\u0131yabilmi\u015ftim ve \u00e7ok iyi ve profesyonel bir izlenim b\u0131rakm\u0131\u015flard\u0131. Ayr\u0131ca referans adresleri de verdiler ve bunlardan biriyle g\u00f6r\u00fc\u015ft\u00fcm. Swisslasik\u2019in u\u00e7ak, otel, transfer gibi t\u00fcm detaylarla ilgilenmesi de ho\u015fuma gitti. Ayr\u0131ca Swisslasik\u2019te g\u00f6z lazerleme deneyimi olan ki\u015fisel tan\u0131d\u0131klar\u0131m\u0131n s\u00fcreci anlatmas\u0131 da g\u00fcven verdi. \u0130stanbul\u2019daki ilk ziyaret (5 g\u00fcn) ve \u00fc\u00e7 seans: 29 Mart 2011\u2019de e\u015fimle \u0130stanbul\u2019a u\u00e7tuk, havaalan\u0131nda bizi bir \u015fof\u00f6r kar\u015f\u0131lad\u0131 ve do\u011frudan di\u015f klini\u011fine g\u00f6t\u00fcrd\u00fc. Sal\u0131 ak\u015fam\u0131: \u00d6n muayene, r\u00f6ntgen, en iyi tedavi y\u00f6ntemi hakk\u0131nda g\u00f6r\u00fc\u015fmePer\u015fembe ak\u015fam\u0131: 28 di\u015fin \u00e7ekimi ve ge\u00e7ici protez uygulamas\u0131Cumartesi \u00f6\u011fleden sonra: Kontrol ve protez d\u00fczeltmeleri, ard\u0131ndan eve d\u00f6n\u00fc\u015f Dr. Bilhan m\u00fckemmel Almancas\u0131yla bizi samimi kar\u015f\u0131lad\u0131 ve t\u00fcm i\u015flem \u00f6ncesi korkular\u0131m\u0131 ald\u0131. Lokal anestezi \u00e7ok iyiydi, ger\u00e7ekten hi\u00e7 a\u011fr\u0131 hissetmedim ve sonras\u0131nda verilen a\u011fr\u0131 kesiciler sayesinde ilk \u0130stanbul ziyaretimi sorunsuz tamamlad\u0131m. Sadece eve d\u00f6n\u00fc\u015f \u00f6ncesi protez d\u00fczeltmesinde, Dr. Bilhan\u2019\u0131n m\u00fcsait olmamas\u0131 nedeniyle \u0130ngilizce ileti\u015fim biraz zordu. Yine de Bayan Selda Arat da \u00e7ok anlay\u0131\u015fl\u0131 ve harika bir i\u015f \u00e7\u0131kard\u0131 (bu arada art\u0131k Almanca kursuna gidiyor). \u0130svi\u00e7re\u2019de Z\u00fcrih\u2019teki zmp61\u2019deki kontrol muayenesini de yapt\u0131rd\u0131m. Bu f\u0131rsat\u0131 de\u011ferlendirdim \u00e7\u00fcnk\u00fc \u0130stanbul\u2019dan bir hafta sonra ABD\u2019ye tatil i\u00e7in gidiyorduk. Her \u015fey tekrar kontrol edildi ve kalan diki\u015fler al\u0131nd\u0131. \u015ei\u015flik yava\u015f yava\u015f azald\u0131\u011f\u0131 i\u00e7in protez biraz oynad\u0131, bu y\u00fczden bana orada ayr\u0131ca yumu\u015fak bir astar yap\u0131ld\u0131 ve bu ger\u00e7ekten \u00e7ok i\u015fe yarad\u0131. Neredeyse her \u015feyi yiyebiliyordum \u2013 hatta bir biftek bile. Eve d\u00f6nd\u00fc\u011f\u00fcmde Z\u00fcrih\u2019te tekrar kontrol muayenesine gittim ve her \u015feyin iyi iyile\u015fti\u011fini teyit ettiler. Ayr\u0131ca derinlerde herhangi bir iltihap olmad\u0131\u011f\u0131ndan emin olmak i\u00e7in bir r\u00f6ntgen \u00e7ekildi. \u015e\u00fck\u00fcr ki her \u015fey yolundayd\u0131. Yani Z\u00fcrih\u2019te de \u00e7ok yetkin bir tedavi ve bilgilendirme\/al\u0131nan dan\u0131\u015fmanl\u0131k vard\u0131. \u0130stanbul\u2019daki ikinci ziyaretim Temmuz ay\u0131nda, 7 g\u00fcn ve \u00fc\u00e7 seans: Bu kez ablamla gittim. Yine havaalan\u0131ndakar\u015f\u0131land\u0131k ve do\u011frudan klini\u011fe g\u00f6t\u00fcr\u00fcld\u00fck. Cumartesi ak\u015fam\u0131: \u0130mplantlar\u0131n yerle\u015ftirilmesi, kemik ekimi, antibiyotik\u00c7ar\u015famba ak\u015fam\u0131: Kontrol muayenesi ve ge\u00e7ici protezin ayarlanmas\u0131Cumartesi sabah\u0131: Diki\u015flerin al\u0131nmas\u0131 ve ge\u00e7ici protezin yerle\u015ftirilmesi Dr. Bilhan \u015fimdi implantlar\u0131 yerle\u015ftirdi. Planlanan say\u0131lar \u00fcst \u00e7enede 6, alt \u00e7enede 6 idi. \u00dcst \u00e7enede acil olarak bir kemik ekimi yapmas\u0131 gerekti\u011fi i\u00e7in i\u015flem biraz uzad\u0131. A\u011fr\u0131ya kar\u015f\u0131 tekrar iyi bir \u015fekilde uyu\u015fturuldum ve alt \u00e7ene i\u00e7in de ekleme yap\u0131ld\u0131. Fiziksel olarak tek seferde biraz fazlayd\u0131 \u2013 neredeyse \u00fc\u00e7 saat tedavi sandalyesindeydim. Dr. Bilhan bana sadece \u00fcst \u00e7eneyi yap\u0131p alt \u00e7ene i\u00e7in tekrar gelmeyi teklif etti, ama ben bunu istemedim \u2013 tek seferde halletmeyi tercih ettim. Bana ayr\u0131ca antibiyotik ve a\u011fr\u0131 kesici verildi ve b\u00f6ylece geri kalan zaman\u0131 \u0130stanbul\u2019un yaz s\u0131ca\u011f\u0131nda da keyifle ge\u00e7irebildim. Eve d\u00f6n\u00fc\u015f \u00f6ncesi Cumartesi g\u00fcn\u00fc diki\u015fler al\u0131nd\u0131, protez yerle\u015ftirildi ve gerekirse d\u00fczeltildi. Yine de bug\u00fcn en \u00e7ok sevindi\u011fim \u015fey, art\u0131k s\u00fcrekli \u00e7\u0131kar\u0131p takmak zorunda olmad\u0131\u011f\u0131m kendi di\u015flerime kavu\u015fmu\u015f olmam. Umar\u0131m Havaalan\u0131ndan bizi do\u011frudan di\u015f klini\u011fine g\u00f6t\u00fcrd\u00fcler, ayn\u0131 \u015fekilde di\u015f klini\u011finden otele de. Di\u015f hekimi randevular\u0131m\u0131z i\u00e7in de her seferinde al\u0131p b\u0131rakma hizmeti sorunsuz \u00e7al\u0131\u015ft\u0131. Seanslar aras\u0131nda \u0130stanbul ve \u00e7evresini ke\u015ffetmek i\u00e7in her zaman zaman\u0131m\u0131z oldu. G\u00f6r\u00fclecek \u00e7ok yer var: Sultanahmet Camii (Mavi Camii), Ayasofya, Topkap\u0131 Saray\u0131, Baharat ve di\u011fer \u00e7ar\u015f\u0131lar, ayr\u0131ca Prens Adalar\u0131\u2019na bir gezi de kesinlikle de\u011fer. Son olarak, t\u00fcm ekibe bir kez daha te\u015fekk\u00fcr etmek istiyorum ve \u015firketinizi her zaman tavsiye edece\u011fimi garanti ederim (ve bunu zaten yapt\u0131m). Marlis Koch, Engelburg, 6 A\u011fustos 2011 \u00d6nceki Rapor Sonraki Rapor<\/p>\n","protected":false},"author":4,"featured_media":0,"parent":4771,"menu_order":0,"comment_status":"closed","ping_status":"closed","template":"","meta":{"_joinchat":[],"footnotes":""},"class_list":["post-4811","page","type-page","status-publish","hentry"],"acf":[],"_links":{"self":[{"href":"https:\/\/medicaltravel.at\/tr\/wp-json\/wp\/v2\/pages\/4811","targetHints":{"allow":["GET"]}}],"collection":[{"href":"https:\/\/medicaltravel.at\/tr\/wp-json\/wp\/v2\/pages"}],"about":[{"href":"https:\/\/medicaltravel.at\/tr\/wp-json\/wp\/v2\/types\/page"}],"author":[{"embeddable":true,"href":"https:\/\/medicaltravel.at\/tr\/wp-json\/wp\/v2\/users\/4"}],"replies":[{"embeddable":true,"href":"https:\/\/medicaltravel.at\/tr\/wp-json\/wp\/v2\/comments?post=4811"}],"version-history":[{"count":1,"href":"https:\/\/medicaltravel.at\/tr\/wp-json\/wp\/v2\/pages\/4811\/revisions"}],"predecessor-version":[{"id":4812,"href":"https:\/\/medicaltravel.at\/tr\/wp-json\/wp\/v2\/pages\/4811\/revisions\/4812"}],"up":[{"embeddable":true,"href":"https:\/\/medicaltravel.at\/tr\/wp-json\/wp\/v2\/pages\/4771"}],"wp:attachment":[{"href":"https:\/\/medicaltravel.at\/tr\/wp-json\/wp\/v2\/media?parent=4811"}],"curies":[{"name":"wp","href":"https:\/\/api.w.org\/{rel}","templated":true}]}}